{"id":7285,"date":"2026-05-31T10:35:32","date_gmt":"2026-05-31T08:35:32","guid":{"rendered":"https:\/\/www.ariahotel.it\/offerta\/spaetsommerangebot-in-rimini\/"},"modified":"2026-05-31T10:35:32","modified_gmt":"2026-05-31T08:35:32","slug":"spaetsommerangebot-in-rimini","status":"publish","type":"offerta","link":"https:\/\/www.ariahotel.it\/de\/angebot\/spaetsommerangebot-in-rimini\/","title":{"rendered":"SP\u00c4TSOMMERANGEBOT IN RIMINI"},"content":{"rendered":"<h1 data-section-id=\"ov99ax\" data-start=\"0\" data-end=\"64\">SP\u00c4TSOMMERANGEBOT IN RIMINI<\/h1>\n<p data-start=\"66\" data-end=\"321\">Der Sommer endet nicht im August \u2013 ganz im Gegenteil. Vom 26. August bis zum 3. September bietet <a href=\"https:\/\/riminiturismo.it\/notizie\/da-vasco-ai-me-contro-te-rimini-lancia-il-palinsesto-dei-250-eventi-dellestate\">Rimini<\/a> einige der sch\u00f6nsten Tage der Saison: weniger \u00fcberf\u00fcllte Str\u00e4nde, ideale Temperaturen, spektakul\u00e4re Sonnenunterg\u00e4nge und zahlreiche Veranstaltungen, die es zu erleben gilt! <\/p>\n<p data-start=\"323\" data-end=\"524\"><span class=\"hover:entity-accent entity-underline inline cursor-pointer align-baseline\"><span class=\"whitespace-normal\">Daher haben wir ein besonderes Angebot im Aria Hotel konzipiert, das all jenen gewidmet ist, die sich eine entspannte Auszeit in einem der elegantesten Viertel von Marina Centro g\u00f6nnen m\u00f6chten.<\/span><\/span><\/p>\n<h2 data-section-id=\"71r7oc\" data-start=\"526\" data-end=\"562\">Sonderangebot Sp\u00e4tsommer 2026<\/h2>\n<p data-start=\"564\" data-end=\"616\"><strong data-start=\"564\" data-end=\"616\">G\u00fcltig vom 26. August bis einschlie\u00dflich 3. September 2026<\/strong><\/p>\n<ul data-start=\"618\" data-end=\"945\">\n<li data-section-id=\"spu9z0\" data-start=\"618\" data-end=\"644\">Mindestaufenthalt: 4 N\u00e4chte<\/li>\n<li data-section-id=\"ve6ro2\" data-start=\"645\" data-end=\"674\"><a href=\"https:\/\/www.ariahotel.it\/de\/zimmer\/quality\/\">Quality Doppelzimmer<\/a><\/li>\n<li data-section-id=\"lek2ml\" data-start=\"675\" data-end=\"716\">Reichhaltiges s\u00fc\u00dfes und herzhaftes Fr\u00fchst\u00fccksbuffet<\/li>\n<li data-section-id=\"1d4pkta\" data-start=\"717\" data-end=\"771\">Strandservice inklusive (1 Sonnenschirm und 2 Liegen)<\/li>\n<li data-section-id=\"r4qar3\" data-start=\"772\" data-end=\"830\">Kostenlose Nutzung des Strandtuchs ab dem Anreisetag<\/li>\n<li data-section-id=\"hdltpj\" data-start=\"831\" data-end=\"855\">Wi-Fi<\/li>\n<li data-section-id=\"1gy1pq4\" data-start=\"856\" data-end=\"901\">Zugang zum Panorama-Pool auf der Dachterrasse<\/li>\n<li data-section-id=\"1gy1pq4\" data-start=\"856\" data-end=\"901\">Kostenlose Fahrr\u00e4der nach Verf\u00fcgbarkeit<\/li>\n<li data-section-id=\"omtbcz\" data-start=\"902\" data-end=\"945\">Ab <strong data-start=\"917\" data-end=\"945\">79 \u20ac pro Person und Tag<\/strong><\/li>\n<\/ul>\n<h3 data-section-id=\"fhvugk\" data-start=\"947\" data-end=\"999\">Fr\u00fch buchen und ein exklusives Geschenk erhalten<\/h3>\n<p data-start=\"1001\" data-end=\"1236\">F\u00fcr alle Buchungen, die bis zum <strong data-start=\"1047\" data-end=\"1065\">1. Juli 2026<\/strong> best\u00e4tigt werden, <strong data-start=\"1090\" data-end=\"1115\">erhalten Sie eine praktische Aria Hotel <\/strong>Strandtasche als Geschenk \u2013 perfekt, um Sie an Ihren Strandtagen zu begleiten und als sch\u00f6ne Erinnerung an Ihren Urlaub in Rimini.<\/p>\n<h2 data-section-id=\"rg1ktb\" data-start=\"1238\" data-end=\"1276\">Warum die zweite Augusth\u00e4lfte w\u00e4hlen?<\/h2>\n<p data-start=\"1278\" data-end=\"1617\">Es ist die ideale Zeit, das Meer in einem anderen Rhythmus zu erleben. Die Tage sind noch lang und sonnig, das Meer bewahrt die W\u00e4rme des Sommers und die Atmosph\u00e4re wird ruhiger und entspannter. Genie\u00dfen Sie entspannte Stunden am Strand, Spazierg\u00e4nge entlang der Promenade, Aperitifs bei Sonnenuntergang und Abende im historischen Zentrum von Rimini.  <\/p>\n<p data-start=\"1619\" data-end=\"1976\">Nach einem Tag in der Sonne erwartet Sie der Komfort unseres Quality-Doppelzimmers: gro\u00dfz\u00fcgige R\u00e4ume, ein King-Size-Bett, ein Panoramabalkon und alle Annehmlichkeiten, die Ihren Aufenthalt noch angenehmer machen. Die strategische Lage des Aria Hotels, nur wenige Schritte vom Strand und dem Herzen von Marina Centro entfernt, erm\u00f6glicht es Ihnen, jeden Moment Ihres Urlaubs sorgenfrei zu genie\u00dfen. <\/p>\n<p data-start=\"1978\" data-end=\"2157\">Die Verf\u00fcgbarkeiten f\u00fcr diesen Zeitraum sind begrenzt und stellen eine der interessantesten Gelegenheiten dar, das Meer in Rimini am Ende der Saison zu genie\u00dfen \u2013 mit exklusiven Inklusivleistungen.<\/p>\n<p data-start=\"2159\" data-end=\"2276\"><strong data-start=\"2159\" data-end=\"2274\">Buchen Sie jetzt Ihren Sp\u00e4tsommerurlaub und g\u00f6nnen Sie sich das Vergn\u00fcgen des Septembers&#8230; schon ab August. \u2728<\/strong><\/p>\n<p data-start=\"2278\" data-end=\"2341\"><em data-start=\"2278\" data-end=\"2341\">Angebot vorbehaltlich Verf\u00fcgbarkeit. Kurtaxe nicht inbegriffen. <\/em><\/p>\n<p data-start=\"2278\" data-end=\"2341\">Eine Anzahlung von 30 % ist erforderlich. Bei Stornierung innerhalb der Frist (7 Tage vor Anreise) wird der Betrag zur\u00fcckerstattet. Bei Stornierung nach Ablauf der Frist wird eine Stornogeb\u00fchr von 100 % f\u00e4llig.<br \/>\nKreditkarte als Garantie f\u00fcr den verbleibenden Betrag zur Zahlung im Hotel erforderlich.<\/p>\n","protected":false},"excerpt":{"rendered":"<p>SP\u00c4TSOMMERANGEBOT IN RIMINI Der Sommer endet nicht im August \u2013 ganz im Gegenteil. Vom 26. August bis zum 3. September bietet Rimini einige der sch\u00f6nsten Tage der Saison: weniger \u00fcberf\u00fcllte Str\u00e4nde, ideale Temperaturen, spektakul\u00e4re Sonnenunterg\u00e4nge und zahlreiche Veranstaltungen, die es zu erleben gilt! Daher haben wir ein besonderes Angebot im Aria Hotel konzipiert, das all [&hellip;]<\/p>\n","protected":false},"featured_media":3084,"parent":0,"menu_order":20,"template":"","meta":{"_acf_changed":false},"categoria_offerta":[39],"class_list":["post-7285","offerta","type-offerta","status-publish","has-post-thumbnail","hentry","categoria_offerta-scadute"],"acf":[],"yoast_head":"<!-- This site is optimized with the Yoast SEO plugin v27.4 - https:\/\/yoast.com\/product\/yoast-seo-wordpress\/ -->\n<title>SP\u00c4TSOMMERANGEBOT IN RIMINI - Aria Hotel<\/title>\n<meta name=\"description\" content=\"Sonderangebot Sp\u00e4tsommer 2026 | G\u00fcltig vom 26. August bis 3. September 2026 | \u00dcbernachtung mit Fr\u00fchst\u00fcck (B&amp;B), Strandservice inklusive, Zugang zum Panorama-Dachpool.\" \/>\n<meta name=\"robots\" content=\"index, follow, max-snippet:-1, max-image-preview:large, max-video-preview:-1\" \/>\n<link rel=\"canonical\" href=\"https:\/\/www.ariahotel.it\/de\/angebot\/spaetsommerangebot-in-rimini\/\" \/>\n<meta property=\"og:locale\" content=\"de_DE\" \/>\n<meta property=\"og:type\" content=\"article\" \/>\n<meta property=\"og:title\" content=\"SP\u00c4TSOMMERANGEBOT IN RIMINI - Aria Hotel\" \/>\n<meta property=\"og:description\" content=\"Sonderangebot Sp\u00e4tsommer 2026 | G\u00fcltig vom 26. August bis 3. September 2026 | \u00dcbernachtung mit Fr\u00fchst\u00fcck (B&amp;B), Strandservice inklusive, Zugang zum Panorama-Dachpool.\" \/>\n<meta property=\"og:url\" content=\"https:\/\/www.ariahotel.it\/de\/angebot\/spaetsommerangebot-in-rimini\/\" \/>\n<meta property=\"og:site_name\" content=\"Aria Hotel\" \/>\n<meta property=\"article:publisher\" content=\"https:\/\/www.facebook.com\/HotelAriaRimini\/?locale=it_IT\" \/>\n<meta property=\"og:image\" content=\"https:\/\/www.ariahotel.it\/wp-content\/uploads\/2025\/01\/724.jpg\" \/>\n\t<meta property=\"og:image:width\" content=\"800\" \/>\n\t<meta property=\"og:image:height\" content=\"1000\" \/>\n\t<meta property=\"og:image:type\" content=\"image\/jpeg\" \/>\n<meta name=\"twitter:card\" content=\"summary_large_image\" \/>\n<meta name=\"twitter:label1\" content=\"Gesch\u00e4tzte Lesezeit\" \/>\n\t<meta name=\"twitter:data1\" content=\"2\u00a0Minuten\" \/>\n<script type=\"application\/ld+json\" class=\"yoast-schema-graph\">{\"@context\":\"https:\\\/\\\/schema.org\",\"@graph\":[{\"@type\":\"WebPage\",\"@id\":\"https:\\\/\\\/www.ariahotel.it\\\/de\\\/angebot\\\/spaetsommerangebot-in-rimini\\\/\",\"url\":\"https:\\\/\\\/www.ariahotel.it\\\/de\\\/angebot\\\/spaetsommerangebot-in-rimini\\\/\",\"name\":\"SP\u00c4TSOMMERANGEBOT IN RIMINI - Aria Hotel\",\"isPartOf\":{\"@id\":\"https:\\\/\\\/www.ariahotel.it\\\/de\\\/#website\"},\"primaryImageOfPage\":{\"@id\":\"https:\\\/\\\/www.ariahotel.it\\\/de\\\/angebot\\\/spaetsommerangebot-in-rimini\\\/#primaryimage\"},\"image\":{\"@id\":\"https:\\\/\\\/www.ariahotel.it\\\/de\\\/angebot\\\/spaetsommerangebot-in-rimini\\\/#primaryimage\"},\"thumbnailUrl\":\"https:\\\/\\\/www.ariahotel.it\\\/wp-content\\\/uploads\\\/2025\\\/01\\\/724.jpg\",\"datePublished\":\"2026-05-31T08:35:32+00:00\",\"description\":\"Sonderangebot Sp\u00e4tsommer 2026 | G\u00fcltig vom 26. August bis 3. September 2026 | \u00dcbernachtung mit Fr\u00fchst\u00fcck (B&B), Strandservice inklusive, Zugang zum Panorama-Dachpool.\",\"breadcrumb\":{\"@id\":\"https:\\\/\\\/www.ariahotel.it\\\/de\\\/angebot\\\/spaetsommerangebot-in-rimini\\\/#breadcrumb\"},\"inLanguage\":\"de\",\"potentialAction\":[{\"@type\":\"ReadAction\",\"target\":[\"https:\\\/\\\/www.ariahotel.it\\\/de\\\/angebot\\\/spaetsommerangebot-in-rimini\\\/\"]}]},{\"@type\":\"ImageObject\",\"inLanguage\":\"de\",\"@id\":\"https:\\\/\\\/www.ariahotel.it\\\/de\\\/angebot\\\/spaetsommerangebot-in-rimini\\\/#primaryimage\",\"url\":\"https:\\\/\\\/www.ariahotel.it\\\/wp-content\\\/uploads\\\/2025\\\/01\\\/724.jpg\",\"contentUrl\":\"https:\\\/\\\/www.ariahotel.it\\\/wp-content\\\/uploads\\\/2025\\\/01\\\/724.jpg\",\"width\":800,\"height\":1000},{\"@type\":\"BreadcrumbList\",\"@id\":\"https:\\\/\\\/www.ariahotel.it\\\/de\\\/angebot\\\/spaetsommerangebot-in-rimini\\\/#breadcrumb\",\"itemListElement\":[{\"@type\":\"ListItem\",\"position\":1,\"name\":\"Home\",\"item\":\"https:\\\/\\\/www.ariahotel.it\\\/de\\\/home\\\/\"},{\"@type\":\"ListItem\",\"position\":2,\"name\":\"SP\u00c4TSOMMERANGEBOT IN RIMINI\"}]},{\"@type\":\"WebSite\",\"@id\":\"https:\\\/\\\/www.ariahotel.it\\\/de\\\/#website\",\"url\":\"https:\\\/\\\/www.ariahotel.it\\\/de\\\/\",\"name\":\"Aria Hotel\",\"description\":\"Hotel 4 Stelle Superior a Marina Centro Rimini | Hotel Aria\",\"publisher\":{\"@id\":\"https:\\\/\\\/www.ariahotel.it\\\/de\\\/#organization\"},\"alternateName\":\"Hotel di lusso a Rimini\",\"potentialAction\":[{\"@type\":\"SearchAction\",\"target\":{\"@type\":\"EntryPoint\",\"urlTemplate\":\"https:\\\/\\\/www.ariahotel.it\\\/de\\\/?s={search_term_string}\"},\"query-input\":{\"@type\":\"PropertyValueSpecification\",\"valueRequired\":true,\"valueName\":\"search_term_string\"}}],\"inLanguage\":\"de\"},{\"@type\":\"Organization\",\"@id\":\"https:\\\/\\\/www.ariahotel.it\\\/de\\\/#organization\",\"name\":\"Aria Hotel\",\"alternateName\":\"Hotel di lusso a Rimini\",\"url\":\"https:\\\/\\\/www.ariahotel.it\\\/de\\\/\",\"logo\":{\"@type\":\"ImageObject\",\"inLanguage\":\"de\",\"@id\":\"https:\\\/\\\/www.ariahotel.it\\\/de\\\/#\\\/schema\\\/logo\\\/image\\\/\",\"url\":\"https:\\\/\\\/www.ariahotel.it\\\/wp-content\\\/uploads\\\/2025\\\/01\\\/Favicon.svg\",\"contentUrl\":\"https:\\\/\\\/www.ariahotel.it\\\/wp-content\\\/uploads\\\/2025\\\/01\\\/Favicon.svg\",\"caption\":\"Aria Hotel\"},\"image\":{\"@id\":\"https:\\\/\\\/www.ariahotel.it\\\/de\\\/#\\\/schema\\\/logo\\\/image\\\/\"},\"sameAs\":[\"https:\\\/\\\/www.facebook.com\\\/HotelAriaRimini\\\/?locale=it_IT\",\"https:\\\/\\\/www.instagram.com\\\/aria_rimini\\\/\"]}]}<\/script>\n<!-- \/ Yoast SEO plugin. -->","yoast_head_json":{"title":"SP\u00c4TSOMMERANGEBOT IN RIMINI - Aria Hotel","description":"Sonderangebot Sp\u00e4tsommer 2026 | G\u00fcltig vom 26. August bis 3. September 2026 | \u00dcbernachtung mit Fr\u00fchst\u00fcck (B&B), Strandservice inklusive, Zugang zum Panorama-Dachpool.","robots":{"index":"index","follow":"follow","max-snippet":"max-snippet:-1","max-image-preview":"max-image-preview:large","max-video-preview":"max-video-preview:-1"},"canonical":"https:\/\/www.ariahotel.it\/de\/angebot\/spaetsommerangebot-in-rimini\/","og_locale":"de_DE","og_type":"article","og_title":"SP\u00c4TSOMMERANGEBOT IN RIMINI - Aria Hotel","og_description":"Sonderangebot Sp\u00e4tsommer 2026 | G\u00fcltig vom 26. August bis 3. September 2026 | \u00dcbernachtung mit Fr\u00fchst\u00fcck (B&B), Strandservice inklusive, Zugang zum Panorama-Dachpool.","og_url":"https:\/\/www.ariahotel.it\/de\/angebot\/spaetsommerangebot-in-rimini\/","og_site_name":"Aria Hotel","article_publisher":"https:\/\/www.facebook.com\/HotelAriaRimini\/?locale=it_IT","og_image":[{"width":800,"height":1000,"url":"https:\/\/www.ariahotel.it\/wp-content\/uploads\/2025\/01\/724.jpg","type":"image\/jpeg"}],"twitter_card":"summary_large_image","twitter_misc":{"Gesch\u00e4tzte Lesezeit":"2\u00a0Minuten"},"schema":{"@context":"https:\/\/schema.org","@graph":[{"@type":"WebPage","@id":"https:\/\/www.ariahotel.it\/de\/angebot\/spaetsommerangebot-in-rimini\/","url":"https:\/\/www.ariahotel.it\/de\/angebot\/spaetsommerangebot-in-rimini\/","name":"SP\u00c4TSOMMERANGEBOT IN RIMINI - Aria Hotel","isPartOf":{"@id":"https:\/\/www.ariahotel.it\/de\/#website"},"primaryImageOfPage":{"@id":"https:\/\/www.ariahotel.it\/de\/angebot\/spaetsommerangebot-in-rimini\/#primaryimage"},"image":{"@id":"https:\/\/www.ariahotel.it\/de\/angebot\/spaetsommerangebot-in-rimini\/#primaryimage"},"thumbnailUrl":"https:\/\/www.ariahotel.it\/wp-content\/uploads\/2025\/01\/724.jpg","datePublished":"2026-05-31T08:35:32+00:00","description":"Sonderangebot Sp\u00e4tsommer 2026 | G\u00fcltig vom 26. August bis 3. September 2026 | \u00dcbernachtung mit Fr\u00fchst\u00fcck (B&B), Strandservice inklusive, Zugang zum Panorama-Dachpool.","breadcrumb":{"@id":"https:\/\/www.ariahotel.it\/de\/angebot\/spaetsommerangebot-in-rimini\/#breadcrumb"},"inLanguage":"de","potentialAction":[{"@type":"ReadAction","target":["https:\/\/www.ariahotel.it\/de\/angebot\/spaetsommerangebot-in-rimini\/"]}]},{"@type":"ImageObject","inLanguage":"de","@id":"https:\/\/www.ariahotel.it\/de\/angebot\/spaetsommerangebot-in-rimini\/#primaryimage","url":"https:\/\/www.ariahotel.it\/wp-content\/uploads\/2025\/01\/724.jpg","contentUrl":"https:\/\/www.ariahotel.it\/wp-content\/uploads\/2025\/01\/724.jpg","width":800,"height":1000},{"@type":"BreadcrumbList","@id":"https:\/\/www.ariahotel.it\/de\/angebot\/spaetsommerangebot-in-rimini\/#breadcrumb","itemListElement":[{"@type":"ListItem","position":1,"name":"Home","item":"https:\/\/www.ariahotel.it\/de\/home\/"},{"@type":"ListItem","position":2,"name":"SP\u00c4TSOMMERANGEBOT IN RIMINI"}]},{"@type":"WebSite","@id":"https:\/\/www.ariahotel.it\/de\/#website","url":"https:\/\/www.ariahotel.it\/de\/","name":"Aria Hotel","description":"Hotel 4 Stelle Superior a Marina Centro Rimini | Hotel Aria","publisher":{"@id":"https:\/\/www.ariahotel.it\/de\/#organization"},"alternateName":"Hotel di lusso a Rimini","potentialAction":[{"@type":"SearchAction","target":{"@type":"EntryPoint","urlTemplate":"https:\/\/www.ariahotel.it\/de\/?s={search_term_string}"},"query-input":{"@type":"PropertyValueSpecification","valueRequired":true,"valueName":"search_term_string"}}],"inLanguage":"de"},{"@type":"Organization","@id":"https:\/\/www.ariahotel.it\/de\/#organization","name":"Aria Hotel","alternateName":"Hotel di lusso a Rimini","url":"https:\/\/www.ariahotel.it\/de\/","logo":{"@type":"ImageObject","inLanguage":"de","@id":"https:\/\/www.ariahotel.it\/de\/#\/schema\/logo\/image\/","url":"https:\/\/www.ariahotel.it\/wp-content\/uploads\/2025\/01\/Favicon.svg","contentUrl":"https:\/\/www.ariahotel.it\/wp-content\/uploads\/2025\/01\/Favicon.svg","caption":"Aria Hotel"},"image":{"@id":"https:\/\/www.ariahotel.it\/de\/#\/schema\/logo\/image\/"},"sameAs":["https:\/\/www.facebook.com\/HotelAriaRimini\/?locale=it_IT","https:\/\/www.instagram.com\/aria_rimini\/"]}]}},"publishpress_future_action":{"enabled":false,"date":"2026-09-11 09:33:15","action":"change-status","newStatus":"draft","terms":[],"taxonomy":"categoria_offerta","extraData":[]},"publishpress_future_workflow_manual_trigger":{"enabledWorkflows":[]},"_links":{"self":[{"href":"https:\/\/www.ariahotel.it\/de\/wp-json\/wp\/v2\/offerta\/7285","targetHints":{"allow":["GET"]}}],"collection":[{"href":"https:\/\/www.ariahotel.it\/de\/wp-json\/wp\/v2\/offerta"}],"about":[{"href":"https:\/\/www.ariahotel.it\/de\/wp-json\/wp\/v2\/types\/offerta"}],"wp:featuredmedia":[{"embeddable":true,"href":"https:\/\/www.ariahotel.it\/de\/wp-json\/wp\/v2\/media\/3084"}],"wp:attachment":[{"href":"https:\/\/www.ariahotel.it\/de\/wp-json\/wp\/v2\/media?parent=7285"}],"wp:term":[{"taxonomy":"categoria_offerta","embeddable":true,"href":"https:\/\/www.ariahotel.it\/de\/wp-json\/wp\/v2\/categoria_offerta?post=7285"}],"curies":[{"name":"wp","href":"https:\/\/api.w.org\/{rel}","templated":true}]}}