{"id":5431,"date":"2025-03-25T08:22:05","date_gmt":"2025-03-25T07:22:05","guid":{"rendered":"https:\/\/www.ariahotel.it\/offerta\/special-juillet-2025\/"},"modified":"2026-08-16T14:54:29","modified_gmt":"2026-08-16T12:54:29","slug":"special-juillet-2025","status":"publish","type":"offerta","link":"https:\/\/www.ariahotel.it\/fr\/offre\/special-juillet-2025\/","title":{"rendered":"AO\u00dbT\/SEPTEMBRE EN CHAMBRE D&rsquo;H\u00d4TES + PLAGE \u00c0 RIMINI"},"content":{"rendered":"<p>AO\u00dbT\/SEPTEMBRE EN CHAMBRE D&rsquo;H\u00d4TES + PLAGE \u00c0 RIMINI<\/p>\n<p>Notre formule des 3 B!<br \/>\nB+B+B= Bed and Breakfast + Beach<\/p>\n<p><strong>UNIQUEMENT SUR NOTRE SITE WEB OU EN R\u00c9SERVANT DIRECTEMENT, AU PRIX DU JOUR, VOUS B\u00c9N\u00c9FICIEZ D&rsquo;UNE PLACE GRATUITE SUR LA PLAGE ET D&rsquo;UN GARAGE \u00c0 PRIX R\u00c9DUIT<\/strong><\/p>\n<p><strong>UNIQUEMENT AVEC NOUS!!!<\/strong><\/p>\n<p>Profitez de l&rsquo;occasion pour votre s\u00e9jour de d\u00e9tente, profitez de l&rsquo;offre, r\u00e9servez directement avec nous et assurez-vous un emplacement sur la plage sans stress!<\/p>\n<p>Optez pour le confort de la formule Bed &#038; Breakfast + Plage pour profiter pleinement de vos vacances sur la Riviera Adriatique en toute libert\u00e9.<\/p>\n<p>(Offre valable pour confirmation avec un acompte de 30 %)<\/p>\n<p>(Chambre double de qualit\u00e9)<br \/>*Offre valable pour un s\u00e9jour minimum de 4 nuits, sous r\u00e9serve de disponibilit\u00e9 ; nombre de chambres limit\u00e9, sous r\u00e9serve de disponibilit\u00e9. Taxe de s\u00e9jour non comprise. Demandez un devis personnalis\u00e9 pour les chambres triples et quadruples. <\/p>\n<p>L&rsquo;offre comprend :<br \/>Petit-d\u00e9jeuner servi jusqu&rsquo;\u00e0 tard<br \/>\nWi-Fi gratuit<br \/>\nV\u00e9los disponibles dans la limite des stocks<br \/>\n1 parasol et 2 transats gratuits par jour pour une chambre double<\/p>\n<p>Acc\u00e8s gratuit \u00e0 notre <a href=\"https:\/\/www.ariahotel.it\/fr\/hotel-avec-piscine\/\">piscine panoramique<\/a><\/p>\n<p><a href=\"https:\/\/www.ariahotel.it\/fr\/hotel-avec-garage\/\">Parking<\/a> en garage \u00e0 tarif r\u00e9duit : 20 \u20ac par nuit au lieu de 25 \u20ac.<br \/>\nAccords avec des restaurants de la Riviera.<br \/>\nUn acompte de 30 % est requis. En cas d\u2019annulation dans les 7 jours pr\u00e9c\u00e9dant l\u2019arriv\u00e9e, cet acompte sera rembours\u00e9. Pass\u00e9 ce d\u00e9lai, la r\u00e9servation sera factur\u00e9e \u00e0 100 %.<br \/>\nUne carte de cr\u00e9dit est n\u00e9cessaire pour garantir le solde restant \u00e0 l\u2019h\u00f4tel.<\/p>\n<p><strong>R\u00e9servez l&rsquo;offre directement en ligne sur notre site ou demandez plus d&rsquo;informations en nous \u00e9crivant.<\/p>\n<p><\/strong><\/p>\n<p>R\u00c9SERVEZ <a href=\"https:\/\/www.simplebooking.it\/ibe\/hotelbooking\/search?hid=2673&#038;lang=it#q&#038;guests=A,A&#038;in=2025-7-1&#038;out=2025-7-5&#038;coupon=\">ICI<\/a><\/p>\n","protected":false},"excerpt":{"rendered":"<p>AO\u00dbT\/SEPTEMBRE EN CHAMBRE D&rsquo;H\u00d4TES + PLAGE \u00c0 RIMINI Notre formule des 3 B! B+B+B= Bed and Breakfast + Beach UNIQUEMENT SUR NOTRE SITE WEB OU EN R\u00c9SERVANT DIRECTEMENT, AU PRIX DU JOUR, VOUS B\u00c9N\u00c9FICIEZ D&rsquo;UNE PLACE GRATUITE SUR LA PLAGE ET D&rsquo;UN GARAGE \u00c0 PRIX R\u00c9DUIT UNIQUEMENT AVEC NOUS!!! Profitez de l&rsquo;occasion pour votre s\u00e9jour [&hellip;]<\/p>\n","protected":false},"featured_media":4111,"parent":0,"menu_order":32,"template":"","meta":{"_acf_changed":false},"categoria_offerta":[43],"class_list":["post-5431","offerta","type-offerta","status-publish","has-post-thumbnail","hentry","categoria_offerta-vacanza-fr"],"acf":[],"yoast_head":"<!-- This site is optimized with the Yoast SEO plugin v27.4 - https:\/\/yoast.com\/product\/yoast-seo-wordpress\/ -->\n<title>AO\u00dbT\/SEPTEMBRE EN CHAMBRE D&#039;H\u00d4TES + PLAGE \u00c0 RIMINI - Aria Hotel<\/title>\n<meta name=\"description\" content=\"Offre sp\u00e9ciale juillet \u00e0 Rimini, vacances dans un h\u00f4tel 4 \u00e9toiles sup\u00e9rieur avec piscine panoramique sur le toit.\" \/>\n<meta name=\"robots\" content=\"index, follow, max-snippet:-1, max-image-preview:large, max-video-preview:-1\" \/>\n<link rel=\"canonical\" href=\"https:\/\/www.ariahotel.it\/fr\/offre\/special-juillet-2025\/\" \/>\n<meta property=\"og:locale\" content=\"fr_FR\" \/>\n<meta property=\"og:type\" content=\"article\" \/>\n<meta property=\"og:title\" content=\"AO\u00dbT\/SEPTEMBRE EN CHAMBRE D&#039;H\u00d4TES + PLAGE \u00c0 RIMINI - Aria Hotel\" \/>\n<meta property=\"og:description\" content=\"Offre sp\u00e9ciale juillet \u00e0 Rimini, vacances dans un h\u00f4tel 4 \u00e9toiles sup\u00e9rieur avec piscine panoramique sur le toit.\" \/>\n<meta property=\"og:url\" content=\"https:\/\/www.ariahotel.it\/fr\/offre\/special-juillet-2025\/\" \/>\n<meta property=\"og:site_name\" content=\"Aria Hotel\" \/>\n<meta property=\"article:publisher\" content=\"https:\/\/www.facebook.com\/HotelAriaRimini\/?locale=it_IT\" \/>\n<meta property=\"article:modified_time\" content=\"2026-08-16T12:54:29+00:00\" \/>\n<meta property=\"og:image\" content=\"https:\/\/www.ariahotel.it\/wp-content\/uploads\/2025\/02\/Dettaglio-piscina.jpg\" \/>\n\t<meta property=\"og:image:width\" content=\"2500\" \/>\n\t<meta property=\"og:image:height\" content=\"1667\" \/>\n\t<meta property=\"og:image:type\" content=\"image\/jpeg\" \/>\n<meta name=\"twitter:card\" content=\"summary_large_image\" \/>\n<meta name=\"twitter:label1\" content=\"Dur\u00e9e de lecture estim\u00e9e\" \/>\n\t<meta name=\"twitter:data1\" content=\"1 minute\" \/>\n<script type=\"application\/ld+json\" class=\"yoast-schema-graph\">{\"@context\":\"https:\\\/\\\/schema.org\",\"@graph\":[{\"@type\":\"WebPage\",\"@id\":\"https:\\\/\\\/www.ariahotel.it\\\/fr\\\/offre\\\/special-juillet-2025\\\/\",\"url\":\"https:\\\/\\\/www.ariahotel.it\\\/fr\\\/offre\\\/special-juillet-2025\\\/\",\"name\":\"AO\u00dbT\\\/SEPTEMBRE EN CHAMBRE D'H\u00d4TES + PLAGE \u00c0 RIMINI - Aria Hotel\",\"isPartOf\":{\"@id\":\"https:\\\/\\\/www.ariahotel.it\\\/fr\\\/#website\"},\"primaryImageOfPage\":{\"@id\":\"https:\\\/\\\/www.ariahotel.it\\\/fr\\\/offre\\\/special-juillet-2025\\\/#primaryimage\"},\"image\":{\"@id\":\"https:\\\/\\\/www.ariahotel.it\\\/fr\\\/offre\\\/special-juillet-2025\\\/#primaryimage\"},\"thumbnailUrl\":\"https:\\\/\\\/www.ariahotel.it\\\/wp-content\\\/uploads\\\/2025\\\/02\\\/Dettaglio-piscina.jpg\",\"datePublished\":\"2025-03-25T07:22:05+00:00\",\"dateModified\":\"2026-08-16T12:54:29+00:00\",\"description\":\"Offre sp\u00e9ciale juillet \u00e0 Rimini, vacances dans un h\u00f4tel 4 \u00e9toiles sup\u00e9rieur avec piscine panoramique sur le toit.\",\"breadcrumb\":{\"@id\":\"https:\\\/\\\/www.ariahotel.it\\\/fr\\\/offre\\\/special-juillet-2025\\\/#breadcrumb\"},\"inLanguage\":\"fr-FR\",\"potentialAction\":[{\"@type\":\"ReadAction\",\"target\":[\"https:\\\/\\\/www.ariahotel.it\\\/fr\\\/offre\\\/special-juillet-2025\\\/\"]}]},{\"@type\":\"ImageObject\",\"inLanguage\":\"fr-FR\",\"@id\":\"https:\\\/\\\/www.ariahotel.it\\\/fr\\\/offre\\\/special-juillet-2025\\\/#primaryimage\",\"url\":\"https:\\\/\\\/www.ariahotel.it\\\/wp-content\\\/uploads\\\/2025\\\/02\\\/Dettaglio-piscina.jpg\",\"contentUrl\":\"https:\\\/\\\/www.ariahotel.it\\\/wp-content\\\/uploads\\\/2025\\\/02\\\/Dettaglio-piscina.jpg\",\"width\":2500,\"height\":1667,\"caption\":\"piscine\"},{\"@type\":\"BreadcrumbList\",\"@id\":\"https:\\\/\\\/www.ariahotel.it\\\/fr\\\/offre\\\/special-juillet-2025\\\/#breadcrumb\",\"itemListElement\":[{\"@type\":\"ListItem\",\"position\":1,\"name\":\"Home\",\"item\":\"https:\\\/\\\/www.ariahotel.it\\\/fr\\\/home\\\/\"},{\"@type\":\"ListItem\",\"position\":2,\"name\":\"AO\u00dbT\\\/SEPTEMBRE EN CHAMBRE D&#8217;H\u00d4TES + PLAGE \u00c0 RIMINI\"}]},{\"@type\":\"WebSite\",\"@id\":\"https:\\\/\\\/www.ariahotel.it\\\/fr\\\/#website\",\"url\":\"https:\\\/\\\/www.ariahotel.it\\\/fr\\\/\",\"name\":\"Aria Hotel\",\"description\":\"Hotel 4 Stelle Superior a Marina Centro Rimini | Hotel Aria\",\"publisher\":{\"@id\":\"https:\\\/\\\/www.ariahotel.it\\\/fr\\\/#organization\"},\"alternateName\":\"Hotel di lusso a Rimini\",\"potentialAction\":[{\"@type\":\"SearchAction\",\"target\":{\"@type\":\"EntryPoint\",\"urlTemplate\":\"https:\\\/\\\/www.ariahotel.it\\\/fr\\\/?s={search_term_string}\"},\"query-input\":{\"@type\":\"PropertyValueSpecification\",\"valueRequired\":true,\"valueName\":\"search_term_string\"}}],\"inLanguage\":\"fr-FR\"},{\"@type\":\"Organization\",\"@id\":\"https:\\\/\\\/www.ariahotel.it\\\/fr\\\/#organization\",\"name\":\"Aria Hotel\",\"alternateName\":\"Hotel di lusso a Rimini\",\"url\":\"https:\\\/\\\/www.ariahotel.it\\\/fr\\\/\",\"logo\":{\"@type\":\"ImageObject\",\"inLanguage\":\"fr-FR\",\"@id\":\"https:\\\/\\\/www.ariahotel.it\\\/fr\\\/#\\\/schema\\\/logo\\\/image\\\/\",\"url\":\"https:\\\/\\\/www.ariahotel.it\\\/wp-content\\\/uploads\\\/2025\\\/01\\\/Favicon.svg\",\"contentUrl\":\"https:\\\/\\\/www.ariahotel.it\\\/wp-content\\\/uploads\\\/2025\\\/01\\\/Favicon.svg\",\"caption\":\"Aria Hotel\"},\"image\":{\"@id\":\"https:\\\/\\\/www.ariahotel.it\\\/fr\\\/#\\\/schema\\\/logo\\\/image\\\/\"},\"sameAs\":[\"https:\\\/\\\/www.facebook.com\\\/HotelAriaRimini\\\/?locale=it_IT\",\"https:\\\/\\\/www.instagram.com\\\/aria_rimini\\\/\"]}]}<\/script>\n<!-- \/ Yoast SEO plugin. -->","yoast_head_json":{"title":"AO\u00dbT\/SEPTEMBRE EN CHAMBRE D'H\u00d4TES + PLAGE \u00c0 RIMINI - Aria Hotel","description":"Offre sp\u00e9ciale juillet \u00e0 Rimini, vacances dans un h\u00f4tel 4 \u00e9toiles sup\u00e9rieur avec piscine panoramique sur le toit.","robots":{"index":"index","follow":"follow","max-snippet":"max-snippet:-1","max-image-preview":"max-image-preview:large","max-video-preview":"max-video-preview:-1"},"canonical":"https:\/\/www.ariahotel.it\/fr\/offre\/special-juillet-2025\/","og_locale":"fr_FR","og_type":"article","og_title":"AO\u00dbT\/SEPTEMBRE EN CHAMBRE D'H\u00d4TES + PLAGE \u00c0 RIMINI - Aria Hotel","og_description":"Offre sp\u00e9ciale juillet \u00e0 Rimini, vacances dans un h\u00f4tel 4 \u00e9toiles sup\u00e9rieur avec piscine panoramique sur le toit.","og_url":"https:\/\/www.ariahotel.it\/fr\/offre\/special-juillet-2025\/","og_site_name":"Aria Hotel","article_publisher":"https:\/\/www.facebook.com\/HotelAriaRimini\/?locale=it_IT","article_modified_time":"2026-08-16T12:54:29+00:00","og_image":[{"width":2500,"height":1667,"url":"https:\/\/www.ariahotel.it\/wp-content\/uploads\/2025\/02\/Dettaglio-piscina.jpg","type":"image\/jpeg"}],"twitter_card":"summary_large_image","twitter_misc":{"Dur\u00e9e de lecture estim\u00e9e":"1 minute"},"schema":{"@context":"https:\/\/schema.org","@graph":[{"@type":"WebPage","@id":"https:\/\/www.ariahotel.it\/fr\/offre\/special-juillet-2025\/","url":"https:\/\/www.ariahotel.it\/fr\/offre\/special-juillet-2025\/","name":"AO\u00dbT\/SEPTEMBRE EN CHAMBRE D'H\u00d4TES + PLAGE \u00c0 RIMINI - Aria Hotel","isPartOf":{"@id":"https:\/\/www.ariahotel.it\/fr\/#website"},"primaryImageOfPage":{"@id":"https:\/\/www.ariahotel.it\/fr\/offre\/special-juillet-2025\/#primaryimage"},"image":{"@id":"https:\/\/www.ariahotel.it\/fr\/offre\/special-juillet-2025\/#primaryimage"},"thumbnailUrl":"https:\/\/www.ariahotel.it\/wp-content\/uploads\/2025\/02\/Dettaglio-piscina.jpg","datePublished":"2025-03-25T07:22:05+00:00","dateModified":"2026-08-16T12:54:29+00:00","description":"Offre sp\u00e9ciale juillet \u00e0 Rimini, vacances dans un h\u00f4tel 4 \u00e9toiles sup\u00e9rieur avec piscine panoramique sur le toit.","breadcrumb":{"@id":"https:\/\/www.ariahotel.it\/fr\/offre\/special-juillet-2025\/#breadcrumb"},"inLanguage":"fr-FR","potentialAction":[{"@type":"ReadAction","target":["https:\/\/www.ariahotel.it\/fr\/offre\/special-juillet-2025\/"]}]},{"@type":"ImageObject","inLanguage":"fr-FR","@id":"https:\/\/www.ariahotel.it\/fr\/offre\/special-juillet-2025\/#primaryimage","url":"https:\/\/www.ariahotel.it\/wp-content\/uploads\/2025\/02\/Dettaglio-piscina.jpg","contentUrl":"https:\/\/www.ariahotel.it\/wp-content\/uploads\/2025\/02\/Dettaglio-piscina.jpg","width":2500,"height":1667,"caption":"piscine"},{"@type":"BreadcrumbList","@id":"https:\/\/www.ariahotel.it\/fr\/offre\/special-juillet-2025\/#breadcrumb","itemListElement":[{"@type":"ListItem","position":1,"name":"Home","item":"https:\/\/www.ariahotel.it\/fr\/home\/"},{"@type":"ListItem","position":2,"name":"AO\u00dbT\/SEPTEMBRE EN CHAMBRE D&#8217;H\u00d4TES + PLAGE \u00c0 RIMINI"}]},{"@type":"WebSite","@id":"https:\/\/www.ariahotel.it\/fr\/#website","url":"https:\/\/www.ariahotel.it\/fr\/","name":"Aria Hotel","description":"Hotel 4 Stelle Superior a Marina Centro Rimini | Hotel Aria","publisher":{"@id":"https:\/\/www.ariahotel.it\/fr\/#organization"},"alternateName":"Hotel di lusso a Rimini","potentialAction":[{"@type":"SearchAction","target":{"@type":"EntryPoint","urlTemplate":"https:\/\/www.ariahotel.it\/fr\/?s={search_term_string}"},"query-input":{"@type":"PropertyValueSpecification","valueRequired":true,"valueName":"search_term_string"}}],"inLanguage":"fr-FR"},{"@type":"Organization","@id":"https:\/\/www.ariahotel.it\/fr\/#organization","name":"Aria Hotel","alternateName":"Hotel di lusso a Rimini","url":"https:\/\/www.ariahotel.it\/fr\/","logo":{"@type":"ImageObject","inLanguage":"fr-FR","@id":"https:\/\/www.ariahotel.it\/fr\/#\/schema\/logo\/image\/","url":"https:\/\/www.ariahotel.it\/wp-content\/uploads\/2025\/01\/Favicon.svg","contentUrl":"https:\/\/www.ariahotel.it\/wp-content\/uploads\/2025\/01\/Favicon.svg","caption":"Aria Hotel"},"image":{"@id":"https:\/\/www.ariahotel.it\/fr\/#\/schema\/logo\/image\/"},"sameAs":["https:\/\/www.facebook.com\/HotelAriaRimini\/?locale=it_IT","https:\/\/www.instagram.com\/aria_rimini\/"]}]}},"publishpress_future_action":{"enabled":false,"date":"2026-09-11 08:38:45","action":"change-status","newStatus":"draft","terms":[],"taxonomy":"categoria_offerta","extraData":[]},"publishpress_future_workflow_manual_trigger":{"enabledWorkflows":[]},"_links":{"self":[{"href":"https:\/\/www.ariahotel.it\/fr\/wp-json\/wp\/v2\/offerta\/5431","targetHints":{"allow":["GET"]}}],"collection":[{"href":"https:\/\/www.ariahotel.it\/fr\/wp-json\/wp\/v2\/offerta"}],"about":[{"href":"https:\/\/www.ariahotel.it\/fr\/wp-json\/wp\/v2\/types\/offerta"}],"wp:featuredmedia":[{"embeddable":true,"href":"https:\/\/www.ariahotel.it\/fr\/wp-json\/wp\/v2\/media\/4111"}],"wp:attachment":[{"href":"https:\/\/www.ariahotel.it\/fr\/wp-json\/wp\/v2\/media?parent=5431"}],"wp:term":[{"taxonomy":"categoria_offerta","embeddable":true,"href":"https:\/\/www.ariahotel.it\/fr\/wp-json\/wp\/v2\/categoria_offerta?post=5431"}],"curies":[{"name":"wp","href":"https:\/\/api.w.org\/{rel}","templated":true}]}}