{"id":7284,"date":"2026-05-31T10:35:32","date_gmt":"2026-05-31T08:35:32","guid":{"rendered":"https:\/\/www.ariahotel.it\/offerta\/offre-speciale-fin-aout-a-rimini\/"},"modified":"2026-05-31T10:35:32","modified_gmt":"2026-05-31T08:35:32","slug":"offre-speciale-fin-aout-a-rimini","status":"publish","type":"offerta","link":"https:\/\/www.ariahotel.it\/fr\/offre\/offre-speciale-fin-aout-a-rimini\/","title":{"rendered":"OFFRE SP\u00c9CIALE FIN AO\u00dbT \u00c0 RIMINI"},"content":{"rendered":"<h1 data-section-id=\"ov99ax\" data-start=\"0\" data-end=\"64\">OFFRE SP\u00c9CIALE FIN AO\u00dbT \u00c0 RIMINI<\/h1>\n<p data-start=\"66\" data-end=\"321\">L\u2019\u00e9t\u00e9 ne se termine pas en ao\u00fbt, bien au contraire. Du 26 ao\u00fbt au 3 septembre, <a href=\"https:\/\/riminiturismo.it\/notizie\/da-vasco-ai-me-contro-te-rimini-lancia-il-palinsesto-dei-250-eventi-dellestate\">Rimini<\/a> offre quelques-unes des plus belles journ\u00e9es de la saison : des plages moins fr\u00e9quent\u00e9es, des temp\u00e9ratures id\u00e9ales, des couchers de soleil spectaculaires et de nombreux \u00e9v\u00e9nements \u00e0 vivre pleinement! <\/p>\n<p data-start=\"323\" data-end=\"524\"><span class=\"hover:entity-accent entity-underline inline cursor-pointer align-baseline\"><span class=\"whitespace-normal\">C\u2019est pourquoi nous avons imagin\u00e9 une offre sp\u00e9ciale \u00e0 l\u2019Aria Hotel, d\u00e9di\u00e9e \u00e0 ceux qui souhaitent s\u2019offrir une parenth\u00e8se de d\u00e9tente dans l\u2019un des quartiers les plus \u00e9l\u00e9gants de Marina Centro.<\/span><\/span><\/p>\n<h2 data-section-id=\"71r7oc\" data-start=\"526\" data-end=\"562\">Offre Sp\u00e9ciale Fin d\u2019\u00c9t\u00e9 2026<\/h2>\n<p data-start=\"564\" data-end=\"616\"><strong data-start=\"564\" data-end=\"616\">Valable du 26 ao\u00fbt au 3 septembre 2026 inclus.<\/strong><\/p>\n<ul data-start=\"618\" data-end=\"945\">\n<li data-section-id=\"spu9z0\" data-start=\"618\" data-end=\"644\">S\u00e9jour minimum de 4 nuits<\/li>\n<li data-section-id=\"ve6ro2\" data-start=\"645\" data-end=\"674\"><a href=\"https:\/\/www.ariahotel.it\/fr\/chambre\/quality\/\">Chambre Double Quality<\/a><\/li>\n<li data-section-id=\"lek2ml\" data-start=\"675\" data-end=\"716\">Copieux petit-d\u00e9jeuner buffet sucr\u00e9 et sal\u00e9<\/li>\n<li data-section-id=\"1d4pkta\" data-start=\"717\" data-end=\"771\">Service de plage inclus (1 parasol et 2 transats)<\/li>\n<li data-section-id=\"r4qar3\" data-start=\"772\" data-end=\"830\">Serviette de plage gratuite d\u00e8s le jour de votre arriv\u00e9e<\/li>\n<li data-section-id=\"hdltpj\" data-start=\"831\" data-end=\"855\">Wi-Fi<\/li>\n<li data-section-id=\"1gy1pq4\" data-start=\"856\" data-end=\"901\">Acc\u00e8s \u00e0 la piscine panoramique situ\u00e9e sur le toit de l\u2019h\u00f4tel<\/li>\n<li data-section-id=\"1gy1pq4\" data-start=\"856\" data-end=\"901\">V\u00e9los gratuits sous r\u00e9serve de disponibilit\u00e9<\/li>\n<li data-section-id=\"omtbcz\" data-start=\"902\" data-end=\"945\">\u00c0 partir de <strong data-start=\"917\" data-end=\"945\">79 \u20ac par personne et par jour<\/strong><\/li>\n<\/ul>\n<h3 data-section-id=\"fhvugk\" data-start=\"947\" data-end=\"999\">R\u00e9servez \u00e0 l\u2019avance et recevez un cadeau exclusif<\/h3>\n<p data-start=\"1001\" data-end=\"1236\">Pour toute r\u00e9servation confirm\u00e9e avant le <strong data-start=\"1047\" data-end=\"1065\">1er juillet 2026<\/strong>, nous vous offrons un pratique <strong data-start=\"1090\" data-end=\"1115\">sac de plage Aria Hotel<\/strong>, parfait pour vous accompagner lors de vos journ\u00e9es \u00e0 la plage et comme souvenir de vos vacances \u00e0 Rimini..<\/p>\n<h2 data-section-id=\"rg1ktb\" data-start=\"1238\" data-end=\"1276\">Pourquoi choisir la fin du mois d\u2019ao\u00fbt ?<\/h2>\n<p data-start=\"1278\" data-end=\"1617\">C\u2019est le moment id\u00e9al pour profiter de la mer \u00e0 un rythme diff\u00e9rent. Les journ\u00e9es sont encore longues et ensoleill\u00e9es, la mer conserve toute la chaleur accumul\u00e9e pendant l\u2019\u00e9t\u00e9 et l\u2019atmosph\u00e8re devient plus d\u00e9tendue. Alternez moments de d\u00e9tente sur la plage, promenades le long du front de mer, ap\u00e9ritifs au coucher du soleil et soir\u00e9es \u00e0 la d\u00e9couverte du centre historique de Rimini.  <\/p>\n<p data-start=\"1619\" data-end=\"1976\">Apr\u00e8s une journ\u00e9e au soleil, profitez du confort de notre Chambre Double Quality : des espaces g\u00e9n\u00e9reux, un lit king-size, un balcon panoramique et tous les services pens\u00e9s pour rendre votre s\u00e9jour encore plus agr\u00e9able. La situation privil\u00e9gi\u00e9e de l\u2019Aria Hotel, \u00e0 quelques pas de la plage et du c\u0153ur de Marina Centro, vous permettra de profiter pleinement de chaque instant de vos vacances en toute s\u00e9r\u00e9nit\u00e9. <\/p>\n<p data-start=\"1978\" data-end=\"2157\">Les disponibilit\u00e9s pour cette p\u00e9riode sont limit\u00e9es et repr\u00e9sentent l\u2019une des meilleures occasions de profiter de la mer \u00e0 Rimini en fin de saison, avec des services exclusifs inclus.<\/p>\n<p data-start=\"2159\" data-end=\"2276\"><strong data-start=\"2159\" data-end=\"2274\">Prenotate ora la vostra vacanza di fine estate e regalatevi il piacere di settembre&#8230; iniziando gi\u00e0 da agosto.<\/strong> \u2728<\/p>\n<p data-start=\"2278\" data-end=\"2341\"><em data-start=\"2278\" data-end=\"2341\">Offre soumise \u00e0 disponibilit\u00e9. Taxe de s\u00e9jour non incluse. <\/em><\/p>\n<p data-start=\"2278\" data-end=\"2341\">Un acompte de 30 % est requis. En cas d&rsquo;annulation dans les 7 jours pr\u00e9c\u00e9dant l&rsquo;arriv\u00e9e, cet acompte vous sera rembours\u00e9. Pass\u00e9 ce d\u00e9lai, la r\u00e9servation sera factur\u00e9e \u00e0 100 %.<br \/>\nRichiesta carta di credito a garanzia (del restante importo) per il saldo in Hotel.<\/p>\n","protected":false},"excerpt":{"rendered":"<p>OFFRE SP\u00c9CIALE FIN AO\u00dbT \u00c0 RIMINI L\u2019\u00e9t\u00e9 ne se termine pas en ao\u00fbt, bien au contraire. Du 26 ao\u00fbt au 3 septembre, Rimini offre quelques-unes des plus belles journ\u00e9es de la saison : des plages moins fr\u00e9quent\u00e9es, des temp\u00e9ratures id\u00e9ales, des couchers de soleil spectaculaires et de nombreux \u00e9v\u00e9nements \u00e0 vivre pleinement! C\u2019est pourquoi nous [&hellip;]<\/p>\n","protected":false},"featured_media":3083,"parent":0,"menu_order":17,"template":"","meta":{"_acf_changed":false},"categoria_offerta":[39],"class_list":["post-7284","offerta","type-offerta","status-publish","has-post-thumbnail","hentry","categoria_offerta-scadute"],"acf":[],"yoast_head":"<!-- This site is optimized with the Yoast SEO plugin v27.4 - https:\/\/yoast.com\/product\/yoast-seo-wordpress\/ -->\n<title>OFFRE SP\u00c9CIALE FIN AO\u00dbT \u00c0 RIMINI - Aria Hotel<\/title>\n<meta name=\"description\" content=\"Offre Sp\u00e9ciale Fin d\u2019\u00c9t\u00e9 2026 | Valable du 26 ao\u00fbt au 3 septembre 2026 | H\u00e9bergement en B&amp;B, service de plage inclus et acc\u00e8s \u00e0 la piscine panoramique.\" \/>\n<meta name=\"robots\" content=\"index, follow, max-snippet:-1, max-image-preview:large, max-video-preview:-1\" \/>\n<link rel=\"canonical\" href=\"https:\/\/www.ariahotel.it\/fr\/offre\/offre-speciale-fin-aout-a-rimini\/\" \/>\n<meta property=\"og:locale\" content=\"fr_FR\" \/>\n<meta property=\"og:type\" content=\"article\" \/>\n<meta property=\"og:title\" content=\"OFFRE SP\u00c9CIALE FIN AO\u00dbT \u00c0 RIMINI - Aria Hotel\" \/>\n<meta property=\"og:description\" content=\"Offre Sp\u00e9ciale Fin d\u2019\u00c9t\u00e9 2026 | Valable du 26 ao\u00fbt au 3 septembre 2026 | H\u00e9bergement en B&amp;B, service de plage inclus et acc\u00e8s \u00e0 la piscine panoramique.\" \/>\n<meta property=\"og:url\" content=\"https:\/\/www.ariahotel.it\/fr\/offre\/offre-speciale-fin-aout-a-rimini\/\" \/>\n<meta property=\"og:site_name\" content=\"Aria Hotel\" \/>\n<meta property=\"article:publisher\" content=\"https:\/\/www.facebook.com\/HotelAriaRimini\/?locale=it_IT\" \/>\n<meta property=\"og:image\" content=\"https:\/\/www.ariahotel.it\/wp-content\/uploads\/2025\/01\/724.jpg\" \/>\n\t<meta property=\"og:image:width\" content=\"800\" \/>\n\t<meta property=\"og:image:height\" content=\"1000\" \/>\n\t<meta property=\"og:image:type\" content=\"image\/jpeg\" \/>\n<meta name=\"twitter:card\" content=\"summary_large_image\" \/>\n<meta name=\"twitter:label1\" content=\"Dur\u00e9e de lecture estim\u00e9e\" \/>\n\t<meta name=\"twitter:data1\" content=\"2 minutes\" \/>\n<script type=\"application\/ld+json\" class=\"yoast-schema-graph\">{\"@context\":\"https:\\\/\\\/schema.org\",\"@graph\":[{\"@type\":\"WebPage\",\"@id\":\"https:\\\/\\\/www.ariahotel.it\\\/fr\\\/offre\\\/offre-speciale-fin-aout-a-rimini\\\/\",\"url\":\"https:\\\/\\\/www.ariahotel.it\\\/fr\\\/offre\\\/offre-speciale-fin-aout-a-rimini\\\/\",\"name\":\"OFFRE SP\u00c9CIALE FIN AO\u00dbT \u00c0 RIMINI - Aria Hotel\",\"isPartOf\":{\"@id\":\"https:\\\/\\\/www.ariahotel.it\\\/fr\\\/#website\"},\"primaryImageOfPage\":{\"@id\":\"https:\\\/\\\/www.ariahotel.it\\\/fr\\\/offre\\\/offre-speciale-fin-aout-a-rimini\\\/#primaryimage\"},\"image\":{\"@id\":\"https:\\\/\\\/www.ariahotel.it\\\/fr\\\/offre\\\/offre-speciale-fin-aout-a-rimini\\\/#primaryimage\"},\"thumbnailUrl\":\"https:\\\/\\\/www.ariahotel.it\\\/wp-content\\\/uploads\\\/2025\\\/01\\\/724.jpg\",\"datePublished\":\"2026-05-31T08:35:32+00:00\",\"description\":\"Offre Sp\u00e9ciale Fin d\u2019\u00c9t\u00e9 2026 | Valable du 26 ao\u00fbt au 3 septembre 2026 | H\u00e9bergement en B&B, service de plage inclus et acc\u00e8s \u00e0 la piscine panoramique.\",\"breadcrumb\":{\"@id\":\"https:\\\/\\\/www.ariahotel.it\\\/fr\\\/offre\\\/offre-speciale-fin-aout-a-rimini\\\/#breadcrumb\"},\"inLanguage\":\"fr-FR\",\"potentialAction\":[{\"@type\":\"ReadAction\",\"target\":[\"https:\\\/\\\/www.ariahotel.it\\\/fr\\\/offre\\\/offre-speciale-fin-aout-a-rimini\\\/\"]}]},{\"@type\":\"ImageObject\",\"inLanguage\":\"fr-FR\",\"@id\":\"https:\\\/\\\/www.ariahotel.it\\\/fr\\\/offre\\\/offre-speciale-fin-aout-a-rimini\\\/#primaryimage\",\"url\":\"https:\\\/\\\/www.ariahotel.it\\\/wp-content\\\/uploads\\\/2025\\\/01\\\/724.jpg\",\"contentUrl\":\"https:\\\/\\\/www.ariahotel.it\\\/wp-content\\\/uploads\\\/2025\\\/01\\\/724.jpg\",\"width\":800,\"height\":1000},{\"@type\":\"BreadcrumbList\",\"@id\":\"https:\\\/\\\/www.ariahotel.it\\\/fr\\\/offre\\\/offre-speciale-fin-aout-a-rimini\\\/#breadcrumb\",\"itemListElement\":[{\"@type\":\"ListItem\",\"position\":1,\"name\":\"Home\",\"item\":\"https:\\\/\\\/www.ariahotel.it\\\/fr\\\/home\\\/\"},{\"@type\":\"ListItem\",\"position\":2,\"name\":\"OFFRE SP\u00c9CIALE FIN AO\u00dbT \u00c0 RIMINI\"}]},{\"@type\":\"WebSite\",\"@id\":\"https:\\\/\\\/www.ariahotel.it\\\/fr\\\/#website\",\"url\":\"https:\\\/\\\/www.ariahotel.it\\\/fr\\\/\",\"name\":\"Aria Hotel\",\"description\":\"Hotel 4 Stelle Superior a Marina Centro Rimini | Hotel Aria\",\"publisher\":{\"@id\":\"https:\\\/\\\/www.ariahotel.it\\\/fr\\\/#organization\"},\"alternateName\":\"Hotel di lusso a Rimini\",\"potentialAction\":[{\"@type\":\"SearchAction\",\"target\":{\"@type\":\"EntryPoint\",\"urlTemplate\":\"https:\\\/\\\/www.ariahotel.it\\\/fr\\\/?s={search_term_string}\"},\"query-input\":{\"@type\":\"PropertyValueSpecification\",\"valueRequired\":true,\"valueName\":\"search_term_string\"}}],\"inLanguage\":\"fr-FR\"},{\"@type\":\"Organization\",\"@id\":\"https:\\\/\\\/www.ariahotel.it\\\/fr\\\/#organization\",\"name\":\"Aria Hotel\",\"alternateName\":\"Hotel di lusso a Rimini\",\"url\":\"https:\\\/\\\/www.ariahotel.it\\\/fr\\\/\",\"logo\":{\"@type\":\"ImageObject\",\"inLanguage\":\"fr-FR\",\"@id\":\"https:\\\/\\\/www.ariahotel.it\\\/fr\\\/#\\\/schema\\\/logo\\\/image\\\/\",\"url\":\"https:\\\/\\\/www.ariahotel.it\\\/wp-content\\\/uploads\\\/2025\\\/01\\\/Favicon.svg\",\"contentUrl\":\"https:\\\/\\\/www.ariahotel.it\\\/wp-content\\\/uploads\\\/2025\\\/01\\\/Favicon.svg\",\"caption\":\"Aria Hotel\"},\"image\":{\"@id\":\"https:\\\/\\\/www.ariahotel.it\\\/fr\\\/#\\\/schema\\\/logo\\\/image\\\/\"},\"sameAs\":[\"https:\\\/\\\/www.facebook.com\\\/HotelAriaRimini\\\/?locale=it_IT\",\"https:\\\/\\\/www.instagram.com\\\/aria_rimini\\\/\"]}]}<\/script>\n<!-- \/ Yoast SEO plugin. -->","yoast_head_json":{"title":"OFFRE SP\u00c9CIALE FIN AO\u00dbT \u00c0 RIMINI - Aria Hotel","description":"Offre Sp\u00e9ciale Fin d\u2019\u00c9t\u00e9 2026 | Valable du 26 ao\u00fbt au 3 septembre 2026 | H\u00e9bergement en B&B, service de plage inclus et acc\u00e8s \u00e0 la piscine panoramique.","robots":{"index":"index","follow":"follow","max-snippet":"max-snippet:-1","max-image-preview":"max-image-preview:large","max-video-preview":"max-video-preview:-1"},"canonical":"https:\/\/www.ariahotel.it\/fr\/offre\/offre-speciale-fin-aout-a-rimini\/","og_locale":"fr_FR","og_type":"article","og_title":"OFFRE SP\u00c9CIALE FIN AO\u00dbT \u00c0 RIMINI - Aria Hotel","og_description":"Offre Sp\u00e9ciale Fin d\u2019\u00c9t\u00e9 2026 | Valable du 26 ao\u00fbt au 3 septembre 2026 | H\u00e9bergement en B&B, service de plage inclus et acc\u00e8s \u00e0 la piscine panoramique.","og_url":"https:\/\/www.ariahotel.it\/fr\/offre\/offre-speciale-fin-aout-a-rimini\/","og_site_name":"Aria Hotel","article_publisher":"https:\/\/www.facebook.com\/HotelAriaRimini\/?locale=it_IT","og_image":[{"width":800,"height":1000,"url":"https:\/\/www.ariahotel.it\/wp-content\/uploads\/2025\/01\/724.jpg","type":"image\/jpeg"}],"twitter_card":"summary_large_image","twitter_misc":{"Dur\u00e9e de lecture estim\u00e9e":"2 minutes"},"schema":{"@context":"https:\/\/schema.org","@graph":[{"@type":"WebPage","@id":"https:\/\/www.ariahotel.it\/fr\/offre\/offre-speciale-fin-aout-a-rimini\/","url":"https:\/\/www.ariahotel.it\/fr\/offre\/offre-speciale-fin-aout-a-rimini\/","name":"OFFRE SP\u00c9CIALE FIN AO\u00dbT \u00c0 RIMINI - Aria Hotel","isPartOf":{"@id":"https:\/\/www.ariahotel.it\/fr\/#website"},"primaryImageOfPage":{"@id":"https:\/\/www.ariahotel.it\/fr\/offre\/offre-speciale-fin-aout-a-rimini\/#primaryimage"},"image":{"@id":"https:\/\/www.ariahotel.it\/fr\/offre\/offre-speciale-fin-aout-a-rimini\/#primaryimage"},"thumbnailUrl":"https:\/\/www.ariahotel.it\/wp-content\/uploads\/2025\/01\/724.jpg","datePublished":"2026-05-31T08:35:32+00:00","description":"Offre Sp\u00e9ciale Fin d\u2019\u00c9t\u00e9 2026 | Valable du 26 ao\u00fbt au 3 septembre 2026 | H\u00e9bergement en B&B, service de plage inclus et acc\u00e8s \u00e0 la piscine panoramique.","breadcrumb":{"@id":"https:\/\/www.ariahotel.it\/fr\/offre\/offre-speciale-fin-aout-a-rimini\/#breadcrumb"},"inLanguage":"fr-FR","potentialAction":[{"@type":"ReadAction","target":["https:\/\/www.ariahotel.it\/fr\/offre\/offre-speciale-fin-aout-a-rimini\/"]}]},{"@type":"ImageObject","inLanguage":"fr-FR","@id":"https:\/\/www.ariahotel.it\/fr\/offre\/offre-speciale-fin-aout-a-rimini\/#primaryimage","url":"https:\/\/www.ariahotel.it\/wp-content\/uploads\/2025\/01\/724.jpg","contentUrl":"https:\/\/www.ariahotel.it\/wp-content\/uploads\/2025\/01\/724.jpg","width":800,"height":1000},{"@type":"BreadcrumbList","@id":"https:\/\/www.ariahotel.it\/fr\/offre\/offre-speciale-fin-aout-a-rimini\/#breadcrumb","itemListElement":[{"@type":"ListItem","position":1,"name":"Home","item":"https:\/\/www.ariahotel.it\/fr\/home\/"},{"@type":"ListItem","position":2,"name":"OFFRE SP\u00c9CIALE FIN AO\u00dbT \u00c0 RIMINI"}]},{"@type":"WebSite","@id":"https:\/\/www.ariahotel.it\/fr\/#website","url":"https:\/\/www.ariahotel.it\/fr\/","name":"Aria Hotel","description":"Hotel 4 Stelle Superior a Marina Centro Rimini | Hotel Aria","publisher":{"@id":"https:\/\/www.ariahotel.it\/fr\/#organization"},"alternateName":"Hotel di lusso a Rimini","potentialAction":[{"@type":"SearchAction","target":{"@type":"EntryPoint","urlTemplate":"https:\/\/www.ariahotel.it\/fr\/?s={search_term_string}"},"query-input":{"@type":"PropertyValueSpecification","valueRequired":true,"valueName":"search_term_string"}}],"inLanguage":"fr-FR"},{"@type":"Organization","@id":"https:\/\/www.ariahotel.it\/fr\/#organization","name":"Aria Hotel","alternateName":"Hotel di lusso a Rimini","url":"https:\/\/www.ariahotel.it\/fr\/","logo":{"@type":"ImageObject","inLanguage":"fr-FR","@id":"https:\/\/www.ariahotel.it\/fr\/#\/schema\/logo\/image\/","url":"https:\/\/www.ariahotel.it\/wp-content\/uploads\/2025\/01\/Favicon.svg","contentUrl":"https:\/\/www.ariahotel.it\/wp-content\/uploads\/2025\/01\/Favicon.svg","caption":"Aria Hotel"},"image":{"@id":"https:\/\/www.ariahotel.it\/fr\/#\/schema\/logo\/image\/"},"sameAs":["https:\/\/www.facebook.com\/HotelAriaRimini\/?locale=it_IT","https:\/\/www.instagram.com\/aria_rimini\/"]}]}},"publishpress_future_action":{"enabled":false,"date":"2026-09-11 09:33:26","action":"change-status","newStatus":"draft","terms":[],"taxonomy":"categoria_offerta","extraData":[]},"publishpress_future_workflow_manual_trigger":{"enabledWorkflows":[]},"_links":{"self":[{"href":"https:\/\/www.ariahotel.it\/fr\/wp-json\/wp\/v2\/offerta\/7284","targetHints":{"allow":["GET"]}}],"collection":[{"href":"https:\/\/www.ariahotel.it\/fr\/wp-json\/wp\/v2\/offerta"}],"about":[{"href":"https:\/\/www.ariahotel.it\/fr\/wp-json\/wp\/v2\/types\/offerta"}],"wp:featuredmedia":[{"embeddable":true,"href":"https:\/\/www.ariahotel.it\/fr\/wp-json\/wp\/v2\/media\/3083"}],"wp:attachment":[{"href":"https:\/\/www.ariahotel.it\/fr\/wp-json\/wp\/v2\/media?parent=7284"}],"wp:term":[{"taxonomy":"categoria_offerta","embeddable":true,"href":"https:\/\/www.ariahotel.it\/fr\/wp-json\/wp\/v2\/categoria_offerta?post=7284"}],"curies":[{"name":"wp","href":"https:\/\/api.w.org\/{rel}","templated":true}]}}